{"id":429,"date":"2024-01-18T13:55:28","date_gmt":"2024-01-18T12:55:28","guid":{"rendered":"https:\/\/lena.events\/2024\/ferma\/?page_id=429"},"modified":"2026-04-21T15:21:01","modified_gmt":"2026-04-21T13:21:01","slug":"meet-the-committee","status":"publish","type":"page","link":"https:\/\/ferma-forum.eu\/?page_id=429","title":{"rendered":"Meet the Committee"},"content":{"rendered":"\t\t<div data-elementor-type=\"wp-page\" data-elementor-id=\"429\" class=\"elementor elementor-429\" data-elementor-post-type=\"page\">\n\t\t\t\t\t\t<section class=\"elementor-section elementor-top-section elementor-element elementor-element-d47fd15 elementor-section-boxed elementor-section-height-default elementor-section-height-default\" data-id=\"d47fd15\" data-element_type=\"section\" data-e-type=\"section\" data-settings=\"{&quot;background_background&quot;:&quot;classic&quot;}\">\n\t\t\t\t\t\t<div class=\"elementor-container elementor-column-gap-default\">\n\t\t\t\t\t<div class=\"elementor-column elementor-col-100 elementor-top-column elementor-element elementor-element-766a59fd\" data-id=\"766a59fd\" data-element_type=\"column\" data-e-type=\"column\">\n\t\t\t<div class=\"elementor-widget-wrap elementor-element-populated\">\n\t\t\t\t\t\t<div class=\"elementor-element elementor-element-4e117c3f elementor-widget elementor-widget-theme-post-title elementor-page-title elementor-widget-heading\" data-id=\"4e117c3f\" data-element_type=\"widget\" data-e-type=\"widget\" data-widget_type=\"theme-post-title.default\">\n\t\t\t\t<div class=\"elementor-widget-container\">\n\t\t\t\t\t<h1 class=\"elementor-heading-title elementor-size-default\">Meet the Committee<\/h1>\t\t\t\t<\/div>\n\t\t\t\t<\/div>\n\t\t\t\t\t<\/div>\n\t\t<\/div>\n\t\t\t\t\t<\/div>\n\t\t<\/section>\n\t\t\t\t<section class=\"elementor-section elementor-top-section elementor-element elementor-element-2c435ea8 elementor-section-boxed elementor-section-height-default elementor-section-height-default\" data-id=\"2c435ea8\" data-element_type=\"section\" data-e-type=\"section\">\n\t\t\t\t\t\t<div class=\"elementor-container elementor-column-gap-default\">\n\t\t\t\t\t<div class=\"elementor-column elementor-col-100 elementor-top-column elementor-element elementor-element-4ea876ef\" data-id=\"4ea876ef\" data-element_type=\"column\" data-e-type=\"column\" data-settings=\"{&quot;background_background&quot;:&quot;classic&quot;}\">\n\t\t\t<div class=\"elementor-widget-wrap elementor-element-populated\">\n\t\t\t\t\t\t<section class=\"elementor-section elementor-inner-section elementor-element elementor-element-fa0713d elementor-section-boxed elementor-section-height-default elementor-section-height-default\" data-id=\"fa0713d\" data-element_type=\"section\" data-e-type=\"section\">\n\t\t\t\t\t\t<div class=\"elementor-container elementor-column-gap-default\">\n\t\t\t\t\t<div class=\"elementor-column elementor-col-33 elementor-inner-column elementor-element elementor-element-34cfa6c\" data-id=\"34cfa6c\" data-element_type=\"column\" data-e-type=\"column\" data-settings=\"{&quot;background_background&quot;:&quot;classic&quot;}\">\n\t\t\t<div class=\"elementor-widget-wrap elementor-element-populated\">\n\t\t\t\t\t\t<div class=\"elementor-element elementor-element-a40e14e elementor-widget elementor-widget-elementskit-team\" data-id=\"a40e14e\" data-element_type=\"widget\" data-e-type=\"widget\" data-widget_type=\"elementskit-team.default\">\n\t\t\t\t<div class=\"elementor-widget-container\">\n\t\t\t\t\t<div class=\"ekit-wid-con\">\t\t\t\t\t\t\t\t\n\t\t<div class=\"profile-card elementor-animation- text-center ekit-team-style-default\">\n\t\t\t\t\t\t\t<a aria-label=\"profile\" href=\"javascript:void(0)\" data-mfp-src=\"#ekit_team_modal_a40e14e_429\" class=\"ekit-team-popup\">\n\t\t\t\n\t\t\t\t<div class=\"profile-header ekit-team-img ekit-img-overlay ekit-team-img-block\"  data-toggle=\"modal\" data-target=\"ekit_team_modal_#a40e14e_429\" >\n\t\t\t\t\t<img fetchpriority=\"high\" decoding=\"async\" width=\"400\" height=\"400\" src=\"https:\/\/ferma-forum.eu\/wp-content\/uploads\/2026\/04\/Volkan-Can-WEBSITE-PHOTO.png\" class=\"attachment-large size-large wp-image-3008\" alt=\"\" srcset=\"https:\/\/ferma-forum.eu\/wp-content\/uploads\/2026\/04\/Volkan-Can-WEBSITE-PHOTO.png 400w, https:\/\/ferma-forum.eu\/wp-content\/uploads\/2026\/04\/Volkan-Can-WEBSITE-PHOTO-300x300.png 300w, https:\/\/ferma-forum.eu\/wp-content\/uploads\/2026\/04\/Volkan-Can-WEBSITE-PHOTO-150x150.png 150w, https:\/\/ferma-forum.eu\/wp-content\/uploads\/2026\/04\/Volkan-Can-WEBSITE-PHOTO-12x12.png 12w\" sizes=\"(max-width: 400px) 100vw, 400px\" \/>\t\t\t\t<\/div><!-- .profile-header END -->\n\t\t\t\t\t\t\t<\/a>\n\t\t\t\n\n\t\t\t\t<div class=\"profile-body\">\n\t\t\t\t\t\n\t\t\t\t\t<h2 class=\"profile-title\">\n\t\t\t\t\t\t\t\t\t\t\t<a aria-label=\"profile\" href=\"javascript:void(0)\" data-mfp-src=\"#ekit_team_modal_a40e14e_429\" class=\"ekit-team-popup\">\n\t\t\t\t\t\tVolkan Can\t\t\t\t\t\t<\/a>\n\t\t\t\t\t\t\t\t\t\t\t<\/h2>\n\t\t\t\t\t<p class=\"profile-designation\">ERMA \u2013 Turkey <\/p>\n\t\t\t\t\t\t\t\t\t\t<p class=\"profile-content\">Risk, Internal Control and Compliance Group Manager - \u00c7imsa Building Solutions BV<\/p>\n\t\t\t\t\t\t\t\t\t<\/div><!-- .profile-body END -->\n\n\t\t\t\t\t\t\t\t<\/div>\n\t\t\t\t\t\t\t\n\t\t\t\n\t\t\t\t\t<div class=\"zoom-anim-dialog mfp-hide elementskit-team-popup team-popup-id-a40e14e\" id=\"ekit_team_modal_a40e14e_429\" tabindex=\"-1\" role=\"dialog\" aria-hidden=\"true\">\n\t\t\t\t<div class=\"modal-dialog modal-dialog-centered\" role=\"document\">\n\t\t\t\t\t<div class=\"modal-content\">\n\t\t\t\t\t\t<button type=\"button\" class=\"ekit-team-modal-close\">\n\t\t\t\t\t\t\t<i aria-hidden=\"true\" class=\"fas fa-times\"><\/i>\t\t\t\t\t\t<\/button>\n\n\t\t\t\t\t\t<div class=\"modal-body\">\n\t\t\t\t\t\t\t\t\t\t\t\t\t\t\t<div class=\"ekit-team-modal-img\">\n\t\t\t\t\t\t\t\t\t<img fetchpriority=\"high\" decoding=\"async\" width=\"400\" height=\"400\" src=\"https:\/\/ferma-forum.eu\/wp-content\/uploads\/2026\/04\/Volkan-Can-WEBSITE-PHOTO.png\" class=\"attachment-large size-large wp-image-3008\" alt=\"\" srcset=\"https:\/\/ferma-forum.eu\/wp-content\/uploads\/2026\/04\/Volkan-Can-WEBSITE-PHOTO.png 400w, https:\/\/ferma-forum.eu\/wp-content\/uploads\/2026\/04\/Volkan-Can-WEBSITE-PHOTO-300x300.png 300w, https:\/\/ferma-forum.eu\/wp-content\/uploads\/2026\/04\/Volkan-Can-WEBSITE-PHOTO-150x150.png 150w, https:\/\/ferma-forum.eu\/wp-content\/uploads\/2026\/04\/Volkan-Can-WEBSITE-PHOTO-12x12.png 12w\" sizes=\"(max-width: 400px) 100vw, 400px\" \/>\t\t\t\t\t\t\t\t<\/div>\n\t\t\t\t\t\t\t\n\t\t\t\t\t\t\t<div class=\"ekit-team-modal-info has-img\">\n\t\t\t\t\t\t\t\t<h2 class=\"ekit-team-modal-title\">Volkan Can<\/h2>\n\t\t\t\t\t\t\t\t<p class=\"ekit-team-modal-position\">ERMA \u2013 Turkey <\/p>\n\n\t\t\t\t\t\t\t\t<div class=\"ekit-team-modal-content\">\n\t\t\t\t\t\t\t\t\t<b>JOB TITLE:<\/b> <br>\nRisk, Internal Control and Compliance Group Manager\n<br><br>\n<b>COMPANY:<\/b><br>\n\u00c7imsa Building Solutions BV\n<br><br>\n<b>BIO:<\/b><br>\nVolkan Can is a risk and governance leader at Sabanc\u0131 Group\u2019s \u00c7imsa Building Materials Group with nearly 20 years of experience spanning engineering, industrial operations, and corporate strategy. Starting in construction, infrastructure, and gold mining projects, he brings a ground-up perspective to enterprise leadership.\n\nHe currently serves as Vice President of the Turkish Risk Management Association (KRYD) and contributes to shaping risk governance practices across Europe through FERMA. Volkan operates at the intersection of risk, strategy, and sustainability, engaging with senior leaders to drive resilient, forward-looking decision-making.\t\t\t\t\t\t\t\t<\/div>\n\n\t\t\t\t\t\t\t\t\n\t\t\t\t\t\t\t\t\t\t\t\t\t\t\t<\/div>\n\t\t\t\t\t\t<\/div>\n\t\t\t\t\t<\/div>\n\t\t\t\t<\/div>\n\t\t\t<\/div>\n\t\t\t\t<\/div>\t\t\t\t<\/div>\n\t\t\t\t<\/div>\n\t\t\t\t\t<\/div>\n\t\t<\/div>\n\t\t\t\t<div class=\"elementor-column elementor-col-33 elementor-inner-column elementor-element elementor-element-86560fa\" data-id=\"86560fa\" data-element_type=\"column\" data-e-type=\"column\" data-settings=\"{&quot;background_background&quot;:&quot;classic&quot;}\">\n\t\t\t<div class=\"elementor-widget-wrap elementor-element-populated\">\n\t\t\t\t\t\t<div class=\"elementor-element elementor-element-b8f582c elementor-widget elementor-widget-elementskit-team\" data-id=\"b8f582c\" data-element_type=\"widget\" data-e-type=\"widget\" data-widget_type=\"elementskit-team.default\">\n\t\t\t\t<div class=\"elementor-widget-container\">\n\t\t\t\t\t<div class=\"ekit-wid-con\">\t\t\t\t\t\t\t\t\n\t\t<div class=\"profile-card elementor-animation- text-center ekit-team-style-default\">\n\t\t\t\t\t\t\t<a aria-label=\"profile\" href=\"javascript:void(0)\" data-mfp-src=\"#ekit_team_modal_b8f582c_429\" class=\"ekit-team-popup\">\n\t\t\t\n\t\t\t\t<div class=\"profile-header ekit-team-img ekit-img-overlay ekit-team-img-block\"  data-toggle=\"modal\" data-target=\"ekit_team_modal_#b8f582c_429\" >\n\t\t\t\t\t<img decoding=\"async\" width=\"476\" height=\"476\" src=\"https:\/\/ferma-forum.eu\/wp-content\/uploads\/2026\/04\/v1_Heiko-Ditzel-WEBSITE-PHOTO.png\" class=\"attachment-large size-large wp-image-3009\" alt=\"\" srcset=\"https:\/\/ferma-forum.eu\/wp-content\/uploads\/2026\/04\/v1_Heiko-Ditzel-WEBSITE-PHOTO.png 476w, https:\/\/ferma-forum.eu\/wp-content\/uploads\/2026\/04\/v1_Heiko-Ditzel-WEBSITE-PHOTO-300x300.png 300w, https:\/\/ferma-forum.eu\/wp-content\/uploads\/2026\/04\/v1_Heiko-Ditzel-WEBSITE-PHOTO-150x150.png 150w, https:\/\/ferma-forum.eu\/wp-content\/uploads\/2026\/04\/v1_Heiko-Ditzel-WEBSITE-PHOTO-12x12.png 12w\" sizes=\"(max-width: 476px) 100vw, 476px\" \/>\t\t\t\t<\/div><!-- .profile-header END -->\n\t\t\t\t\t\t\t<\/a>\n\t\t\t\n\n\t\t\t\t<div class=\"profile-body\">\n\t\t\t\t\t\n\t\t\t\t\t<h2 class=\"profile-title\">\n\t\t\t\t\t\t\t\t\t\t\t<a aria-label=\"profile\" href=\"javascript:void(0)\" data-mfp-src=\"#ekit_team_modal_b8f582c_429\" class=\"ekit-team-popup\">\n\t\t\t\t\t\tHeiko Ditzel\t\t\t\t\t\t<\/a>\n\t\t\t\t\t\t\t\t\t\t\t<\/h2>\n\t\t\t\t\t<p class=\"profile-designation\">GVNW \u2013 Germany <\/p>\n\t\t\t\t\t\t\t\t\t\t<p class=\"profile-content\">Senior Director Risk Finance &amp; Transfer <br> adidas AG<\/p>\n\t\t\t\t\t\t\t\t\t<\/div><!-- .profile-body END -->\n\n\t\t\t\t\t\t\t\t<\/div>\n\t\t\t\t\t\t\t\n\t\t\t\n\t\t\t\t\t<div class=\"zoom-anim-dialog mfp-hide elementskit-team-popup team-popup-id-b8f582c\" id=\"ekit_team_modal_b8f582c_429\" tabindex=\"-1\" role=\"dialog\" aria-hidden=\"true\">\n\t\t\t\t<div class=\"modal-dialog modal-dialog-centered\" role=\"document\">\n\t\t\t\t\t<div class=\"modal-content\">\n\t\t\t\t\t\t<button type=\"button\" class=\"ekit-team-modal-close\">\n\t\t\t\t\t\t\t<i aria-hidden=\"true\" class=\"fas fa-times\"><\/i>\t\t\t\t\t\t<\/button>\n\n\t\t\t\t\t\t<div class=\"modal-body\">\n\t\t\t\t\t\t\t\t\t\t\t\t\t\t\t<div class=\"ekit-team-modal-img\">\n\t\t\t\t\t\t\t\t\t<img decoding=\"async\" width=\"476\" height=\"476\" src=\"https:\/\/ferma-forum.eu\/wp-content\/uploads\/2026\/04\/v1_Heiko-Ditzel-WEBSITE-PHOTO.png\" class=\"attachment-large size-large wp-image-3009\" alt=\"\" srcset=\"https:\/\/ferma-forum.eu\/wp-content\/uploads\/2026\/04\/v1_Heiko-Ditzel-WEBSITE-PHOTO.png 476w, https:\/\/ferma-forum.eu\/wp-content\/uploads\/2026\/04\/v1_Heiko-Ditzel-WEBSITE-PHOTO-300x300.png 300w, https:\/\/ferma-forum.eu\/wp-content\/uploads\/2026\/04\/v1_Heiko-Ditzel-WEBSITE-PHOTO-150x150.png 150w, https:\/\/ferma-forum.eu\/wp-content\/uploads\/2026\/04\/v1_Heiko-Ditzel-WEBSITE-PHOTO-12x12.png 12w\" sizes=\"(max-width: 476px) 100vw, 476px\" \/>\t\t\t\t\t\t\t\t<\/div>\n\t\t\t\t\t\t\t\n\t\t\t\t\t\t\t<div class=\"ekit-team-modal-info has-img\">\n\t\t\t\t\t\t\t\t<h2 class=\"ekit-team-modal-title\">Heiko Ditzel<\/h2>\n\t\t\t\t\t\t\t\t<p class=\"ekit-team-modal-position\">GVNW \u2013 Germany <\/p>\n\n\t\t\t\t\t\t\t\t<div class=\"ekit-team-modal-content\">\n\t\t\t\t\t\t\t\t\t<b>JOB TITLE:<\/b> <br>\nSenior Director Risk Finance &amp; Transfer\n<br><br>\n<b>COMPANY:<\/b><br>\nadidas AG\n<br><br>\n<b>BIO:<\/b><br>\nHeiko Ditzel is an experienced insurance and riskfinance leader who has played a key role in shaping adidas\u2019 global risk financing and transfer strategy. As Senior Director Risk Finance &amp; Transfer, he oversees the company\u2019s worldwide nonlife and life insurance programs and drives the development of an integrated, costefficient risk financing and transfer framework for the adidas Group.\n\nSince joining adidas in 2010, Heiko has significantly advanced the company\u2019s approach to managing insurable risk by combining tailored insurance solutions with optimized corporatelevel risk retention. A central component of his work is the strategic use of adidas\u2019 captive insurer, which he has strengthened and expanded to enhance the company\u2019s longterm financial resilience.\n\nHeiko serves as a NonExecutive Director of adidas International Re dac in Ireland and as Managing Director of adidas Insurance &amp; Risk Consultants GmbH in Germany.\n\nHis leadership and forwardthinking approach have earned him recognition across the captive insurance industry. He has been featured in the Captive Review Power 50 as one of the 20 most influential captive owners in 2023, 2024, and 2025.\n\nBefore joining adidas, Heiko worked as an insurance consultant at Funk Gruppe and launched his career at Allianz in 2001.\t\t\t\t\t\t\t\t<\/div>\n\n\t\t\t\t\t\t\t\t\n\t\t\t\t\t\t\t\t\t\t\t\t\t\t\t<\/div>\n\t\t\t\t\t\t<\/div>\n\t\t\t\t\t<\/div>\n\t\t\t\t<\/div>\n\t\t\t<\/div>\n\t\t\t\t<\/div>\t\t\t\t<\/div>\n\t\t\t\t<\/div>\n\t\t\t\t\t<\/div>\n\t\t<\/div>\n\t\t\t\t<div class=\"elementor-column elementor-col-33 elementor-inner-column elementor-element elementor-element-246a19f\" data-id=\"246a19f\" data-element_type=\"column\" data-e-type=\"column\" data-settings=\"{&quot;background_background&quot;:&quot;classic&quot;}\">\n\t\t\t<div class=\"elementor-widget-wrap elementor-element-populated\">\n\t\t\t\t\t\t<div class=\"elementor-element elementor-element-8249665 elementor-widget elementor-widget-elementskit-team\" data-id=\"8249665\" data-element_type=\"widget\" data-e-type=\"widget\" data-widget_type=\"elementskit-team.default\">\n\t\t\t\t<div class=\"elementor-widget-container\">\n\t\t\t\t\t<div class=\"ekit-wid-con\">\t\t\t\t\t\t\t\t\n\t\t<div class=\"profile-card elementor-animation- text-center ekit-team-style-default\">\n\t\t\t\t\t\t\t<a aria-label=\"profile\" href=\"javascript:void(0)\" data-mfp-src=\"#ekit_team_modal_8249665_429\" class=\"ekit-team-popup\">\n\t\t\t\n\t\t\t\t<div class=\"profile-header ekit-team-img ekit-img-overlay ekit-team-img-block\"  data-toggle=\"modal\" data-target=\"ekit_team_modal_#8249665_429\" >\n\t\t\t\t\t<img decoding=\"async\" width=\"400\" height=\"400\" src=\"https:\/\/ferma-forum.eu\/wp-content\/uploads\/2026\/04\/V1_Eva-Lopez-WEBSITE-PHOTO.png\" class=\"attachment-large size-large wp-image-3010\" alt=\"\" srcset=\"https:\/\/ferma-forum.eu\/wp-content\/uploads\/2026\/04\/V1_Eva-Lopez-WEBSITE-PHOTO.png 400w, https:\/\/ferma-forum.eu\/wp-content\/uploads\/2026\/04\/V1_Eva-Lopez-WEBSITE-PHOTO-300x300.png 300w, https:\/\/ferma-forum.eu\/wp-content\/uploads\/2026\/04\/V1_Eva-Lopez-WEBSITE-PHOTO-150x150.png 150w, https:\/\/ferma-forum.eu\/wp-content\/uploads\/2026\/04\/V1_Eva-Lopez-WEBSITE-PHOTO-12x12.png 12w\" sizes=\"(max-width: 400px) 100vw, 400px\" \/>\t\t\t\t<\/div><!-- .profile-header END -->\n\t\t\t\t\t\t\t<\/a>\n\t\t\t\n\n\t\t\t\t<div class=\"profile-body\">\n\t\t\t\t\t\n\t\t\t\t\t<h2 class=\"profile-title\">\n\t\t\t\t\t\t\t\t\t\t\t<a aria-label=\"profile\" href=\"javascript:void(0)\" data-mfp-src=\"#ekit_team_modal_8249665_429\" class=\"ekit-team-popup\">\n\t\t\t\t\t\tEva Mar\u00eda L\u00f3pez Fern\u00e1ndez\t\t\t\t\t\t<\/a>\n\t\t\t\t\t\t\t\t\t\t\t<\/h2>\n\t\t\t\t\t<p class=\"profile-designation\">AGERS \u2013 Spain<\/p>\n\t\t\t\t\t\t\t\t\t\t<p class=\"profile-content\">Vice-President of AGERS<br>&nbsp;<\/p>\n\t\t\t\t\t\t\t\t\t<\/div><!-- .profile-body END -->\n\n\t\t\t\t\t\t\t\t<\/div>\n\t\t\t\t\t\t\t\n\t\t\t\n\t\t\t\t\t<div class=\"zoom-anim-dialog mfp-hide elementskit-team-popup team-popup-id-8249665\" id=\"ekit_team_modal_8249665_429\" tabindex=\"-1\" role=\"dialog\" aria-hidden=\"true\">\n\t\t\t\t<div class=\"modal-dialog modal-dialog-centered\" role=\"document\">\n\t\t\t\t\t<div class=\"modal-content\">\n\t\t\t\t\t\t<button type=\"button\" class=\"ekit-team-modal-close\">\n\t\t\t\t\t\t\t<i aria-hidden=\"true\" class=\"fas fa-times\"><\/i>\t\t\t\t\t\t<\/button>\n\n\t\t\t\t\t\t<div class=\"modal-body\">\n\t\t\t\t\t\t\t\t\t\t\t\t\t\t\t<div class=\"ekit-team-modal-img\">\n\t\t\t\t\t\t\t\t\t<img decoding=\"async\" width=\"400\" height=\"400\" src=\"https:\/\/ferma-forum.eu\/wp-content\/uploads\/2026\/04\/V1_Eva-Lopez-WEBSITE-PHOTO.png\" class=\"attachment-large size-large wp-image-3010\" alt=\"\" srcset=\"https:\/\/ferma-forum.eu\/wp-content\/uploads\/2026\/04\/V1_Eva-Lopez-WEBSITE-PHOTO.png 400w, https:\/\/ferma-forum.eu\/wp-content\/uploads\/2026\/04\/V1_Eva-Lopez-WEBSITE-PHOTO-300x300.png 300w, https:\/\/ferma-forum.eu\/wp-content\/uploads\/2026\/04\/V1_Eva-Lopez-WEBSITE-PHOTO-150x150.png 150w, https:\/\/ferma-forum.eu\/wp-content\/uploads\/2026\/04\/V1_Eva-Lopez-WEBSITE-PHOTO-12x12.png 12w\" sizes=\"(max-width: 400px) 100vw, 400px\" \/>\t\t\t\t\t\t\t\t<\/div>\n\t\t\t\t\t\t\t\n\t\t\t\t\t\t\t<div class=\"ekit-team-modal-info has-img\">\n\t\t\t\t\t\t\t\t<h2 class=\"ekit-team-modal-title\">Eva Mar\u00eda L\u00f3pez Fern\u00e1ndez<\/h2>\n\t\t\t\t\t\t\t\t<p class=\"ekit-team-modal-position\">AGERS \u2013 Spain<\/p>\n\n\t\t\t\t\t\t\t\t<div class=\"ekit-team-modal-content\">\n\t\t\t\t\t\t\t\t\t<b>JOB TITLE:<\/b> <br>\nVice-President of AGERS\n<br><br>\n<b>ASSOCIATION:<\/b><br>\nAGERS\n<br><br>\n<b>BIO:<\/b><br>\nEva M. L\u00f3pez Fern\u00e1ndez is a professional with a solid and recognised track record in Internal Audit and Risk Management, with more than 20 years of experience in large multinationals such as Telef\u00f3nica and currently as Director of Internal Audit and Risk Management of the Amper Group. Besides, she is Vicepresident in AGERS, the Spanish association focused in Risk Management.\n\nShe holds key international certifications (CIA, CRMA, COSO, CRMP-RIMS), and has successfully led projects in national and international environments, standing out for her focus on internal control, regulatory compliance and digital transformation of audit processes.\n\nAt Telef\u00f3nica, she played a key role in the creation and implementation of the Corporate Risk Management Framework, with impact in LATAM and EMEA.\n\nBesides her executive role, she is also Professor, Quality Assessment Reviewer, Ambassador, Mentor and Keynote Speaker in renowned organizations such as Universitat of Barcelona, Institute of Internal Auditors (IIA), Internal Audit Foundation, GLC (Global Leading Conferences), Association of Chartered Certified Accountants (ACCA) in UK and Chartered Institute of Professional Certifications, in Singapur.\n\nEva combines strategic thinking, methodological rigour and leadership skills, which positions her as a reference in control, risk and audit in the Spanish corporate environment.\t\t\t\t\t\t\t\t<\/div>\n\n\t\t\t\t\t\t\t\t\n\t\t\t\t\t\t\t\t\t\t\t\t\t\t\t<\/div>\n\t\t\t\t\t\t<\/div>\n\t\t\t\t\t<\/div>\n\t\t\t\t<\/div>\n\t\t\t<\/div>\n\t\t\t\t<\/div>\t\t\t\t<\/div>\n\t\t\t\t<\/div>\n\t\t\t\t\t<\/div>\n\t\t<\/div>\n\t\t\t\t\t<\/div>\n\t\t<\/section>\n\t\t\t\t<section class=\"elementor-section elementor-inner-section elementor-element elementor-element-bb4d8d1 elementor-section-boxed elementor-section-height-default elementor-section-height-default\" data-id=\"bb4d8d1\" data-element_type=\"section\" data-e-type=\"section\">\n\t\t\t\t\t\t<div class=\"elementor-container elementor-column-gap-default\">\n\t\t\t\t\t<div class=\"elementor-column elementor-col-33 elementor-inner-column elementor-element elementor-element-f6c9381\" data-id=\"f6c9381\" data-element_type=\"column\" data-e-type=\"column\" data-settings=\"{&quot;background_background&quot;:&quot;classic&quot;}\">\n\t\t\t<div class=\"elementor-widget-wrap elementor-element-populated\">\n\t\t\t\t\t\t<div class=\"elementor-element elementor-element-0e60237 elementor-widget elementor-widget-elementskit-team\" data-id=\"0e60237\" data-element_type=\"widget\" data-e-type=\"widget\" data-widget_type=\"elementskit-team.default\">\n\t\t\t\t<div class=\"elementor-widget-container\">\n\t\t\t\t\t<div class=\"ekit-wid-con\">\t\t\t\t\t\t\t\t\n\t\t<div class=\"profile-card elementor-animation- text-center ekit-team-style-default\">\n\t\t\t\t\t\t\t<a aria-label=\"profile\" href=\"javascript:void(0)\" data-mfp-src=\"#ekit_team_modal_0e60237_429\" class=\"ekit-team-popup\">\n\t\t\t\n\t\t\t\t<div class=\"profile-header ekit-team-img ekit-img-overlay ekit-team-img-block\"  data-toggle=\"modal\" data-target=\"ekit_team_modal_#0e60237_429\" >\n\t\t\t\t\t<img loading=\"lazy\" decoding=\"async\" width=\"388\" height=\"388\" src=\"https:\/\/ferma-forum.eu\/wp-content\/uploads\/2026\/04\/v1_Melanie-Gabrielsen-WEBSITE-PHOTO.png\" class=\"attachment-large size-large wp-image-3011\" alt=\"\" srcset=\"https:\/\/ferma-forum.eu\/wp-content\/uploads\/2026\/04\/v1_Melanie-Gabrielsen-WEBSITE-PHOTO.png 388w, https:\/\/ferma-forum.eu\/wp-content\/uploads\/2026\/04\/v1_Melanie-Gabrielsen-WEBSITE-PHOTO-300x300.png 300w, https:\/\/ferma-forum.eu\/wp-content\/uploads\/2026\/04\/v1_Melanie-Gabrielsen-WEBSITE-PHOTO-150x150.png 150w, https:\/\/ferma-forum.eu\/wp-content\/uploads\/2026\/04\/v1_Melanie-Gabrielsen-WEBSITE-PHOTO-12x12.png 12w\" sizes=\"(max-width: 388px) 100vw, 388px\" \/>\t\t\t\t<\/div><!-- .profile-header END -->\n\t\t\t\t\t\t\t<\/a>\n\t\t\t\n\n\t\t\t\t<div class=\"profile-body\">\n\t\t\t\t\t\n\t\t\t\t\t<h2 class=\"profile-title\">\n\t\t\t\t\t\t\t\t\t\t\t<a aria-label=\"profile\" href=\"javascript:void(0)\" data-mfp-src=\"#ekit_team_modal_0e60237_429\" class=\"ekit-team-popup\">\n\t\t\t\t\t\tMelanie Gabrielsen\t\t\t\t\t\t<\/a>\n\t\t\t\t\t\t\t\t\t\t\t<\/h2>\n\t\t\t\t\t<p class=\"profile-designation\">DARIM \u2013 Denmark<\/p>\n\t\t\t\t\t\t\t\t\t\t<p class=\"profile-content\">Head of Underwriting <br>A.P. Moeller Maersk<\/p>\n\t\t\t\t\t\t\t\t\t<\/div><!-- .profile-body END -->\n\n\t\t\t\t\t\t\t\t<\/div>\n\t\t\t\t\t\t\t\n\t\t\t\n\t\t\t\t\t<div class=\"zoom-anim-dialog mfp-hide elementskit-team-popup team-popup-id-0e60237\" id=\"ekit_team_modal_0e60237_429\" tabindex=\"-1\" role=\"dialog\" aria-hidden=\"true\">\n\t\t\t\t<div class=\"modal-dialog modal-dialog-centered\" role=\"document\">\n\t\t\t\t\t<div class=\"modal-content\">\n\t\t\t\t\t\t<button type=\"button\" class=\"ekit-team-modal-close\">\n\t\t\t\t\t\t\t<i aria-hidden=\"true\" class=\"fas fa-times\"><\/i>\t\t\t\t\t\t<\/button>\n\n\t\t\t\t\t\t<div class=\"modal-body\">\n\t\t\t\t\t\t\t\t\t\t\t\t\t\t\t<div class=\"ekit-team-modal-img\">\n\t\t\t\t\t\t\t\t\t<img loading=\"lazy\" decoding=\"async\" width=\"388\" height=\"388\" src=\"https:\/\/ferma-forum.eu\/wp-content\/uploads\/2026\/04\/v1_Melanie-Gabrielsen-WEBSITE-PHOTO.png\" class=\"attachment-large size-large wp-image-3011\" alt=\"\" srcset=\"https:\/\/ferma-forum.eu\/wp-content\/uploads\/2026\/04\/v1_Melanie-Gabrielsen-WEBSITE-PHOTO.png 388w, https:\/\/ferma-forum.eu\/wp-content\/uploads\/2026\/04\/v1_Melanie-Gabrielsen-WEBSITE-PHOTO-300x300.png 300w, https:\/\/ferma-forum.eu\/wp-content\/uploads\/2026\/04\/v1_Melanie-Gabrielsen-WEBSITE-PHOTO-150x150.png 150w, https:\/\/ferma-forum.eu\/wp-content\/uploads\/2026\/04\/v1_Melanie-Gabrielsen-WEBSITE-PHOTO-12x12.png 12w\" sizes=\"(max-width: 388px) 100vw, 388px\" \/>\t\t\t\t\t\t\t\t<\/div>\n\t\t\t\t\t\t\t\n\t\t\t\t\t\t\t<div class=\"ekit-team-modal-info has-img\">\n\t\t\t\t\t\t\t\t<h2 class=\"ekit-team-modal-title\">Melanie Gabrielsen<\/h2>\n\t\t\t\t\t\t\t\t<p class=\"ekit-team-modal-position\">DARIM \u2013 Denmark<\/p>\n\n\t\t\t\t\t\t\t\t<div class=\"ekit-team-modal-content\">\n\t\t\t\t\t\t\t\t\t<b>JOB TITLE:<\/b> <br>\nHead of Underwriting \n<br><br>\n<b>COMPANY:<\/b><br>\nA.P. Moeller Maersk\n<br><br>\n<b>BIO:<\/b><br>\nMelanie Gabrielsen is the Head of Underwriting at Maersk and oversees the underwriting operations of the internal insurance company, Maersk Insurance A\/S. She manages a diversified underwriting portfolio of more than USD 200 million, ensuring disciplined risk selection and alignment with Maersk\u2019s global operational and strategic priorities. With over five years at Maersk and more than a decade of prior experience in the insurance industry, Melanie brings deep technical expertise and strong leadership to the organization.\n\nShe leads the development and governance of underwriting standards, establishing frameworks that promote analytical rigor, transparency, and effective portfolio management. Her responsibilities include portfolio steering, risk appetite implementation, pricing methodologies, and exposure management across marine, logistics, infrastructure, liability, and peoplerelated risks.\n\nMelanie collaborates closely with internal stakeholders, insurers, and brokers to ensure consistent communication of risk insights and portfolio performance. She is committed to advancing technical excellence and forwardlooking risk management within Maersk Insurance A\/S.\t\t\t\t\t\t\t\t<\/div>\n\n\t\t\t\t\t\t\t\t\n\t\t\t\t\t\t\t\t\t\t\t\t\t\t\t<\/div>\n\t\t\t\t\t\t<\/div>\n\t\t\t\t\t<\/div>\n\t\t\t\t<\/div>\n\t\t\t<\/div>\n\t\t\t\t<\/div>\t\t\t\t<\/div>\n\t\t\t\t<\/div>\n\t\t\t\t\t<\/div>\n\t\t<\/div>\n\t\t\t\t<div class=\"elementor-column elementor-col-33 elementor-inner-column elementor-element elementor-element-e25e4da\" data-id=\"e25e4da\" data-element_type=\"column\" data-e-type=\"column\" data-settings=\"{&quot;background_background&quot;:&quot;classic&quot;}\">\n\t\t\t<div class=\"elementor-widget-wrap elementor-element-populated\">\n\t\t\t\t\t\t<div class=\"elementor-element elementor-element-5c31ea0 elementor-widget elementor-widget-elementskit-team\" data-id=\"5c31ea0\" data-element_type=\"widget\" data-e-type=\"widget\" data-widget_type=\"elementskit-team.default\">\n\t\t\t\t<div class=\"elementor-widget-container\">\n\t\t\t\t\t<div class=\"ekit-wid-con\">\t\t\t\t\t\t\t\t\n\t\t<div class=\"profile-card elementor-animation- text-center ekit-team-style-default\">\n\t\t\t\t\t\t\t<a aria-label=\"profile\" href=\"javascript:void(0)\" data-mfp-src=\"#ekit_team_modal_5c31ea0_429\" class=\"ekit-team-popup\">\n\t\t\t\n\t\t\t\t<div class=\"profile-header ekit-team-img ekit-img-overlay ekit-team-img-block\"  data-toggle=\"modal\" data-target=\"ekit_team_modal_#5c31ea0_429\" >\n\t\t\t\t\t<img loading=\"lazy\" decoding=\"async\" width=\"400\" height=\"400\" src=\"https:\/\/ferma-forum.eu\/wp-content\/uploads\/2026\/04\/V1_Carlo-Gelera-WEBSITE-PHOTO.png\" class=\"attachment-large size-large wp-image-3012\" alt=\"\" srcset=\"https:\/\/ferma-forum.eu\/wp-content\/uploads\/2026\/04\/V1_Carlo-Gelera-WEBSITE-PHOTO.png 400w, https:\/\/ferma-forum.eu\/wp-content\/uploads\/2026\/04\/V1_Carlo-Gelera-WEBSITE-PHOTO-300x300.png 300w, https:\/\/ferma-forum.eu\/wp-content\/uploads\/2026\/04\/V1_Carlo-Gelera-WEBSITE-PHOTO-150x150.png 150w, https:\/\/ferma-forum.eu\/wp-content\/uploads\/2026\/04\/V1_Carlo-Gelera-WEBSITE-PHOTO-12x12.png 12w\" sizes=\"(max-width: 400px) 100vw, 400px\" \/>\t\t\t\t<\/div><!-- .profile-header END -->\n\t\t\t\t\t\t\t<\/a>\n\t\t\t\n\n\t\t\t\t<div class=\"profile-body\">\n\t\t\t\t\t\n\t\t\t\t\t<h2 class=\"profile-title\">\n\t\t\t\t\t\t\t\t\t\t\t<a aria-label=\"profile\" href=\"javascript:void(0)\" data-mfp-src=\"#ekit_team_modal_5c31ea0_429\" class=\"ekit-team-popup\">\n\t\t\t\t\t\tCarlo Gelera\t\t\t\t\t\t<\/a>\n\t\t\t\t\t\t\t\t\t\t\t<\/h2>\n\t\t\t\t\t<p class=\"profile-designation\">ANRA \u2013 Italy<\/p>\n\t\t\t\t\t\t\t\t\t\t<p class=\"profile-content\">Project Risk Manager <br> SAIPEM<\/p>\n\t\t\t\t\t\t\t\t\t<\/div><!-- .profile-body END -->\n\n\t\t\t\t\t\t\t\t<\/div>\n\t\t\t\t\t\t\t\n\t\t\t\n\t\t\t\t\t<div class=\"zoom-anim-dialog mfp-hide elementskit-team-popup team-popup-id-5c31ea0\" id=\"ekit_team_modal_5c31ea0_429\" tabindex=\"-1\" role=\"dialog\" aria-hidden=\"true\">\n\t\t\t\t<div class=\"modal-dialog modal-dialog-centered\" role=\"document\">\n\t\t\t\t\t<div class=\"modal-content\">\n\t\t\t\t\t\t<button type=\"button\" class=\"ekit-team-modal-close\">\n\t\t\t\t\t\t\t<i aria-hidden=\"true\" class=\"fas fa-times\"><\/i>\t\t\t\t\t\t<\/button>\n\n\t\t\t\t\t\t<div class=\"modal-body\">\n\t\t\t\t\t\t\t\t\t\t\t\t\t\t\t<div class=\"ekit-team-modal-img\">\n\t\t\t\t\t\t\t\t\t<img loading=\"lazy\" decoding=\"async\" width=\"400\" height=\"400\" src=\"https:\/\/ferma-forum.eu\/wp-content\/uploads\/2026\/04\/V1_Carlo-Gelera-WEBSITE-PHOTO.png\" class=\"attachment-large size-large wp-image-3012\" alt=\"\" srcset=\"https:\/\/ferma-forum.eu\/wp-content\/uploads\/2026\/04\/V1_Carlo-Gelera-WEBSITE-PHOTO.png 400w, https:\/\/ferma-forum.eu\/wp-content\/uploads\/2026\/04\/V1_Carlo-Gelera-WEBSITE-PHOTO-300x300.png 300w, https:\/\/ferma-forum.eu\/wp-content\/uploads\/2026\/04\/V1_Carlo-Gelera-WEBSITE-PHOTO-150x150.png 150w, https:\/\/ferma-forum.eu\/wp-content\/uploads\/2026\/04\/V1_Carlo-Gelera-WEBSITE-PHOTO-12x12.png 12w\" sizes=\"(max-width: 400px) 100vw, 400px\" \/>\t\t\t\t\t\t\t\t<\/div>\n\t\t\t\t\t\t\t\n\t\t\t\t\t\t\t<div class=\"ekit-team-modal-info has-img\">\n\t\t\t\t\t\t\t\t<h2 class=\"ekit-team-modal-title\">Carlo Gelera<\/h2>\n\t\t\t\t\t\t\t\t<p class=\"ekit-team-modal-position\">ANRA \u2013 Italy<\/p>\n\n\t\t\t\t\t\t\t\t<div class=\"ekit-team-modal-content\">\n\t\t\t\t\t\t\t\t\t<b>JOB TITLE:<\/b> <br>\nProject Risk Manager \n<br><br>\n<b>COMPANY:<\/b><br>\nSAIPEM\n<br><br>\n<b>BIO:<\/b><br>\nCarlo Gelera\n\nProject Risk Manager @ SAIPEM, member of the Technical and Scientific Committee of ANRA, member of FERMA Forum 2026 Programme Committee\n\nCarlo Gelera is a mechanical engineer and a distinguished risk professional with an extensive track record across complex, high-stakes industries. His expertise, spanning from technical roles in the aerospace industry to risk mandates at top-tier multinational contractors, bridges the gap between engineering precision and corporate risk governance. Having served as Risk Engineering &amp; Loss Prevention Manager, Project Insurance Manager, and Project Risk Manager for large-scale EPCI offshore, onshore, and infrastructure projects, he specializes in embedding risk-based decision-making, ensuring that uncertainty is systematically transformed into a strategic opportunity.\n\nHis approach aligns with the core mission of FERMA, focusing on the creation and promotion of innovative risk practices to enhance organizational agility. As a member of the Technical and Scientific Committee of ANRA, he is dedicated to shaping the future of the profession, demonstrating the tangible value that risk management brings to the long-term sustainability and culture of business organizations.\t\t\t\t\t\t\t\t<\/div>\n\n\t\t\t\t\t\t\t\t\n\t\t\t\t\t\t\t\t\t\t\t\t\t\t\t<\/div>\n\t\t\t\t\t\t<\/div>\n\t\t\t\t\t<\/div>\n\t\t\t\t<\/div>\n\t\t\t<\/div>\n\t\t\t\t<\/div>\t\t\t\t<\/div>\n\t\t\t\t<\/div>\n\t\t\t\t\t<\/div>\n\t\t<\/div>\n\t\t\t\t<div class=\"elementor-column elementor-col-33 elementor-inner-column elementor-element elementor-element-67cfbbb\" data-id=\"67cfbbb\" data-element_type=\"column\" data-e-type=\"column\" data-settings=\"{&quot;background_background&quot;:&quot;classic&quot;}\">\n\t\t\t<div class=\"elementor-widget-wrap elementor-element-populated\">\n\t\t\t\t\t\t<div class=\"elementor-element elementor-element-cf4c29e elementor-widget elementor-widget-elementskit-team\" data-id=\"cf4c29e\" data-element_type=\"widget\" data-e-type=\"widget\" data-widget_type=\"elementskit-team.default\">\n\t\t\t\t<div class=\"elementor-widget-container\">\n\t\t\t\t\t<div class=\"ekit-wid-con\">\t\t\t\t\t\t\t\t\n\t\t<div class=\"profile-card elementor-animation- text-center ekit-team-style-default\">\n\t\t\t\t\t\t\t<a aria-label=\"profile\" href=\"javascript:void(0)\" data-mfp-src=\"#ekit_team_modal_cf4c29e_429\" class=\"ekit-team-popup\">\n\t\t\t\n\t\t\t\t<div class=\"profile-header ekit-team-img ekit-img-overlay ekit-team-img-block\"  data-toggle=\"modal\" data-target=\"ekit_team_modal_#cf4c29e_429\" >\n\t\t\t\t\t<img loading=\"lazy\" decoding=\"async\" width=\"400\" height=\"400\" src=\"https:\/\/ferma-forum.eu\/wp-content\/uploads\/2026\/04\/Annemarie-Schouw-WEBSITE-PHOTO.png\" class=\"attachment-large size-large wp-image-3013\" alt=\"\" srcset=\"https:\/\/ferma-forum.eu\/wp-content\/uploads\/2026\/04\/Annemarie-Schouw-WEBSITE-PHOTO.png 400w, https:\/\/ferma-forum.eu\/wp-content\/uploads\/2026\/04\/Annemarie-Schouw-WEBSITE-PHOTO-300x300.png 300w, https:\/\/ferma-forum.eu\/wp-content\/uploads\/2026\/04\/Annemarie-Schouw-WEBSITE-PHOTO-150x150.png 150w, https:\/\/ferma-forum.eu\/wp-content\/uploads\/2026\/04\/Annemarie-Schouw-WEBSITE-PHOTO-12x12.png 12w\" sizes=\"(max-width: 400px) 100vw, 400px\" \/>\t\t\t\t<\/div><!-- .profile-header END -->\n\t\t\t\t\t\t\t<\/a>\n\t\t\t\n\n\t\t\t\t<div class=\"profile-body\">\n\t\t\t\t\t\n\t\t\t\t\t<h2 class=\"profile-title\">\n\t\t\t\t\t\t\t\t\t\t\t<a aria-label=\"profile\" href=\"javascript:void(0)\" data-mfp-src=\"#ekit_team_modal_cf4c29e_429\" class=\"ekit-team-popup\">\n\t\t\t\t\t\tAnnemarie Schouw\t\t\t\t\t\t<\/a>\n\t\t\t\t\t\t\t\t\t\t\t<\/h2>\n\t\t\t\t\t<p class=\"profile-designation\">NARIM \u2013 Netherlands<\/p>\n\t\t\t\t\t\t\t\t\t\t<p class=\"profile-content\">FERMA Forum <br>Chairperson<\/p>\n\t\t\t\t\t\t\t\t\t<\/div><!-- .profile-body END -->\n\n\t\t\t\t\t\t\t\t<\/div>\n\t\t\t\t\t\t\t\n\t\t\t\n\t\t\t\t\t<div class=\"zoom-anim-dialog mfp-hide elementskit-team-popup team-popup-id-cf4c29e\" id=\"ekit_team_modal_cf4c29e_429\" tabindex=\"-1\" role=\"dialog\" aria-hidden=\"true\">\n\t\t\t\t<div class=\"modal-dialog modal-dialog-centered\" role=\"document\">\n\t\t\t\t\t<div class=\"modal-content\">\n\t\t\t\t\t\t<button type=\"button\" class=\"ekit-team-modal-close\">\n\t\t\t\t\t\t\t<i aria-hidden=\"true\" class=\"fas fa-times\"><\/i>\t\t\t\t\t\t<\/button>\n\n\t\t\t\t\t\t<div class=\"modal-body\">\n\t\t\t\t\t\t\t\t\t\t\t\t\t\t\t<div class=\"ekit-team-modal-img\">\n\t\t\t\t\t\t\t\t\t<img loading=\"lazy\" decoding=\"async\" width=\"400\" height=\"400\" src=\"https:\/\/ferma-forum.eu\/wp-content\/uploads\/2026\/04\/Annemarie-Schouw-WEBSITE-PHOTO.png\" class=\"attachment-large size-large wp-image-3013\" alt=\"\" srcset=\"https:\/\/ferma-forum.eu\/wp-content\/uploads\/2026\/04\/Annemarie-Schouw-WEBSITE-PHOTO.png 400w, https:\/\/ferma-forum.eu\/wp-content\/uploads\/2026\/04\/Annemarie-Schouw-WEBSITE-PHOTO-300x300.png 300w, https:\/\/ferma-forum.eu\/wp-content\/uploads\/2026\/04\/Annemarie-Schouw-WEBSITE-PHOTO-150x150.png 150w, https:\/\/ferma-forum.eu\/wp-content\/uploads\/2026\/04\/Annemarie-Schouw-WEBSITE-PHOTO-12x12.png 12w\" sizes=\"(max-width: 400px) 100vw, 400px\" \/>\t\t\t\t\t\t\t\t<\/div>\n\t\t\t\t\t\t\t\n\t\t\t\t\t\t\t<div class=\"ekit-team-modal-info has-img\">\n\t\t\t\t\t\t\t\t<h2 class=\"ekit-team-modal-title\">Annemarie Schouw<\/h2>\n\t\t\t\t\t\t\t\t<p class=\"ekit-team-modal-position\">NARIM \u2013 Netherlands<\/p>\n\n\t\t\t\t\t\t\t\t<div class=\"ekit-team-modal-content\">\n\t\t\t\t\t\t\t\t\t<b>JOB TITLE:<\/b> <br>\nFERMA Forum Chairperson\n<br><br>\n<b>BIO:<\/b><br>\nAnnemarie Schouw studied Mining Engineering at the Technical University of Delft in the Netherlands and holds a business graduate MBA from Nijenrode University. After starting her career in the dredging and automotive industries, she moved into the risk and insurance sector nearly 25 years ago. She has worked as a risk engineer for a broker and as a BI\/RM consultant for a bank before joining Tata Steel IJmuiden in 2008. She is currently Manager Risk &amp; Insurance for Tata Steel in Mainland Europe.\n \nAnnemarie served on the NARIM Board from 2010 to 2018, including seven years as President. In 2019, she was elected to the FERMA Board, where she currently serves as Vice President and Chair of the FERMA Forum 2026 programme committee.\t\t\t\t\t\t\t\t<\/div>\n\n\t\t\t\t\t\t\t\t\n\t\t\t\t\t\t\t\t\t\t\t\t\t\t\t<\/div>\n\t\t\t\t\t\t<\/div>\n\t\t\t\t\t<\/div>\n\t\t\t\t<\/div>\n\t\t\t<\/div>\n\t\t\t\t<\/div>\t\t\t\t<\/div>\n\t\t\t\t<\/div>\n\t\t\t\t\t<\/div>\n\t\t<\/div>\n\t\t\t\t\t<\/div>\n\t\t<\/section>\n\t\t\t\t<section class=\"elementor-section elementor-inner-section elementor-element elementor-element-44c852e elementor-section-boxed elementor-section-height-default elementor-section-height-default\" data-id=\"44c852e\" data-element_type=\"section\" data-e-type=\"section\">\n\t\t\t\t\t\t<div class=\"elementor-container elementor-column-gap-default\">\n\t\t\t\t\t<div class=\"elementor-column elementor-col-33 elementor-inner-column elementor-element elementor-element-66b1af9\" data-id=\"66b1af9\" data-element_type=\"column\" data-e-type=\"column\" data-settings=\"{&quot;background_background&quot;:&quot;classic&quot;}\">\n\t\t\t<div class=\"elementor-widget-wrap elementor-element-populated\">\n\t\t\t\t\t\t<div class=\"elementor-element elementor-element-50dccff elementor-widget elementor-widget-elementskit-team\" data-id=\"50dccff\" data-element_type=\"widget\" data-e-type=\"widget\" data-widget_type=\"elementskit-team.default\">\n\t\t\t\t<div class=\"elementor-widget-container\">\n\t\t\t\t\t<div class=\"ekit-wid-con\">\t\t\t\t\t\t\t\t\n\t\t<div class=\"profile-card elementor-animation- text-center ekit-team-style-default\">\n\t\t\t\t\t\t\t<a aria-label=\"profile\" href=\"javascript:void(0)\" data-mfp-src=\"#ekit_team_modal_50dccff_429\" class=\"ekit-team-popup\">\n\t\t\t\n\t\t\t\t<div class=\"profile-header ekit-team-img ekit-img-overlay ekit-team-img-block\"  data-toggle=\"modal\" data-target=\"ekit_team_modal_#50dccff_429\" >\n\t\t\t\t\t<img loading=\"lazy\" decoding=\"async\" width=\"400\" height=\"400\" src=\"https:\/\/ferma-forum.eu\/wp-content\/uploads\/2026\/04\/Zinaida-Tsukrejeva-WEBSITE-PHOTO.png\" class=\"attachment-large size-large wp-image-3014\" alt=\"\" srcset=\"https:\/\/ferma-forum.eu\/wp-content\/uploads\/2026\/04\/Zinaida-Tsukrejeva-WEBSITE-PHOTO.png 400w, https:\/\/ferma-forum.eu\/wp-content\/uploads\/2026\/04\/Zinaida-Tsukrejeva-WEBSITE-PHOTO-300x300.png 300w, https:\/\/ferma-forum.eu\/wp-content\/uploads\/2026\/04\/Zinaida-Tsukrejeva-WEBSITE-PHOTO-150x150.png 150w, https:\/\/ferma-forum.eu\/wp-content\/uploads\/2026\/04\/Zinaida-Tsukrejeva-WEBSITE-PHOTO-12x12.png 12w\" sizes=\"(max-width: 400px) 100vw, 400px\" \/>\t\t\t\t<\/div><!-- .profile-header END -->\n\t\t\t\t\t\t\t<\/a>\n\t\t\t\n\n\t\t\t\t<div class=\"profile-body\">\n\t\t\t\t\t\n\t\t\t\t\t<h2 class=\"profile-title\">\n\t\t\t\t\t\t\t\t\t\t\t<a aria-label=\"profile\" href=\"javascript:void(0)\" data-mfp-src=\"#ekit_team_modal_50dccff_429\" class=\"ekit-team-popup\">\n\t\t\t\t\t\tZinaida T\u0161ukrejeva\t\t\t\t\t\t<\/a>\n\t\t\t\t\t\t\t\t\t\t\t<\/h2>\n\t\t\t\t\t<p class=\"profile-designation\">RVA \u2013 Lithuania<\/p>\n\t\t\t\t\t\t\t\t\t\t<p class=\"profile-content\">Risk and Compliance <br> BaltCap AS<\/p>\n\t\t\t\t\t\t\t\t\t<\/div><!-- .profile-body END -->\n\n\t\t\t\t\t\t\t\t<\/div>\n\t\t\t\t\t\t\t\n\t\t\t\n\t\t\t\t\t<div class=\"zoom-anim-dialog mfp-hide elementskit-team-popup team-popup-id-50dccff\" id=\"ekit_team_modal_50dccff_429\" tabindex=\"-1\" role=\"dialog\" aria-hidden=\"true\">\n\t\t\t\t<div class=\"modal-dialog modal-dialog-centered\" role=\"document\">\n\t\t\t\t\t<div class=\"modal-content\">\n\t\t\t\t\t\t<button type=\"button\" class=\"ekit-team-modal-close\">\n\t\t\t\t\t\t\t<i aria-hidden=\"true\" class=\"fas fa-times\"><\/i>\t\t\t\t\t\t<\/button>\n\n\t\t\t\t\t\t<div class=\"modal-body\">\n\t\t\t\t\t\t\t\t\t\t\t\t\t\t\t<div class=\"ekit-team-modal-img\">\n\t\t\t\t\t\t\t\t\t<img loading=\"lazy\" decoding=\"async\" width=\"400\" height=\"400\" src=\"https:\/\/ferma-forum.eu\/wp-content\/uploads\/2026\/04\/Zinaida-Tsukrejeva-WEBSITE-PHOTO.png\" class=\"attachment-large size-large wp-image-3014\" alt=\"\" srcset=\"https:\/\/ferma-forum.eu\/wp-content\/uploads\/2026\/04\/Zinaida-Tsukrejeva-WEBSITE-PHOTO.png 400w, https:\/\/ferma-forum.eu\/wp-content\/uploads\/2026\/04\/Zinaida-Tsukrejeva-WEBSITE-PHOTO-300x300.png 300w, https:\/\/ferma-forum.eu\/wp-content\/uploads\/2026\/04\/Zinaida-Tsukrejeva-WEBSITE-PHOTO-150x150.png 150w, https:\/\/ferma-forum.eu\/wp-content\/uploads\/2026\/04\/Zinaida-Tsukrejeva-WEBSITE-PHOTO-12x12.png 12w\" sizes=\"(max-width: 400px) 100vw, 400px\" \/>\t\t\t\t\t\t\t\t<\/div>\n\t\t\t\t\t\t\t\n\t\t\t\t\t\t\t<div class=\"ekit-team-modal-info has-img\">\n\t\t\t\t\t\t\t\t<h2 class=\"ekit-team-modal-title\">Zinaida T\u0161ukrejeva<\/h2>\n\t\t\t\t\t\t\t\t<p class=\"ekit-team-modal-position\">RVA \u2013 Lithuania<\/p>\n\n\t\t\t\t\t\t\t\t<div class=\"ekit-team-modal-content\">\n\t\t\t\t\t\t\t\t\t<b>JOB TITLE:<\/b> <br>\nRisk and Compliance \n<br><br>\n<b>COMPANY:<\/b><br>\nBaltCap AS\n<br><br>\n<b>BIO:<\/b><br>\nA senior risk and governance leader with over a decade of experience across insurance (ERGO Insurance) and alternative investment fund management (BaltCap AS). I focus on building risk frameworks that are not just designed, but genuinely used \u2014 helping leadership teams understand what matters and act with clarity. My work is about turning complex risk landscapes into clear, decision-ready insights for senior management and boards. A significant part of my role is leading regulatory reporting and compliance, ensuring clarity, consistency, and alignment with evolving requirements across jurisdictions.\t\t\t\t\t\t\t\t<\/div>\n\n\t\t\t\t\t\t\t\t\n\t\t\t\t\t\t\t\t\t\t\t\t\t\t\t<\/div>\n\t\t\t\t\t\t<\/div>\n\t\t\t\t\t<\/div>\n\t\t\t\t<\/div>\n\t\t\t<\/div>\n\t\t\t\t<\/div>\t\t\t\t<\/div>\n\t\t\t\t<\/div>\n\t\t\t\t\t<\/div>\n\t\t<\/div>\n\t\t\t\t<div class=\"elementor-column elementor-col-33 elementor-inner-column elementor-element elementor-element-59ff1eb\" data-id=\"59ff1eb\" data-element_type=\"column\" data-e-type=\"column\" data-settings=\"{&quot;background_background&quot;:&quot;classic&quot;}\">\n\t\t\t<div class=\"elementor-widget-wrap elementor-element-populated\">\n\t\t\t\t\t\t<div class=\"elementor-element elementor-element-8333d33 elementor-widget elementor-widget-elementskit-team\" data-id=\"8333d33\" data-element_type=\"widget\" data-e-type=\"widget\" data-widget_type=\"elementskit-team.default\">\n\t\t\t\t<div class=\"elementor-widget-container\">\n\t\t\t\t\t<div class=\"ekit-wid-con\">\t\t\t\t\t\t\t\t\n\t\t<div class=\"profile-card elementor-animation- text-center ekit-team-style-default\">\n\t\t\t\t\t\t\t<a aria-label=\"profile\" href=\"javascript:void(0)\" data-mfp-src=\"#ekit_team_modal_8333d33_429\" class=\"ekit-team-popup\">\n\t\t\t\n\t\t\t\t<div class=\"profile-header ekit-team-img ekit-img-overlay ekit-team-img-block\"  data-toggle=\"modal\" data-target=\"ekit_team_modal_#8333d33_429\" >\n\t\t\t\t\t<img loading=\"lazy\" decoding=\"async\" width=\"400\" height=\"400\" src=\"https:\/\/ferma-forum.eu\/wp-content\/uploads\/2026\/04\/Nathalie-Vandenbroucke-WEBSITE-PHOTO.png\" class=\"attachment-large size-large wp-image-3015\" alt=\"\" srcset=\"https:\/\/ferma-forum.eu\/wp-content\/uploads\/2026\/04\/Nathalie-Vandenbroucke-WEBSITE-PHOTO.png 400w, https:\/\/ferma-forum.eu\/wp-content\/uploads\/2026\/04\/Nathalie-Vandenbroucke-WEBSITE-PHOTO-300x300.png 300w, https:\/\/ferma-forum.eu\/wp-content\/uploads\/2026\/04\/Nathalie-Vandenbroucke-WEBSITE-PHOTO-150x150.png 150w, https:\/\/ferma-forum.eu\/wp-content\/uploads\/2026\/04\/Nathalie-Vandenbroucke-WEBSITE-PHOTO-12x12.png 12w\" sizes=\"(max-width: 400px) 100vw, 400px\" \/>\t\t\t\t<\/div><!-- .profile-header END -->\n\t\t\t\t\t\t\t<\/a>\n\t\t\t\n\n\t\t\t\t<div class=\"profile-body\">\n\t\t\t\t\t\n\t\t\t\t\t<h2 class=\"profile-title\">\n\t\t\t\t\t\t\t\t\t\t\t<a aria-label=\"profile\" href=\"javascript:void(0)\" data-mfp-src=\"#ekit_team_modal_8333d33_429\" class=\"ekit-team-popup\">\n\t\t\t\t\t\tNathalie Vandenbroucke\t\t\t\t\t\t<\/a>\n\t\t\t\t\t\t\t\t\t\t\t<\/h2>\n\t\t\t\t\t<p class=\"profile-designation\">BELRIM \u2013 Belgium<\/p>\n\t\t\t\t\t\t\t\t\t\t<p class=\"profile-content\">Risk &amp; Insurance Business Partner <br> Invesis<\/p>\n\t\t\t\t\t\t\t\t\t<\/div><!-- .profile-body END -->\n\n\t\t\t\t\t\t\t\t<\/div>\n\t\t\t\t\t\t\t\n\t\t\t\n\t\t\t\t\t<div class=\"zoom-anim-dialog mfp-hide elementskit-team-popup team-popup-id-8333d33\" id=\"ekit_team_modal_8333d33_429\" tabindex=\"-1\" role=\"dialog\" aria-hidden=\"true\">\n\t\t\t\t<div class=\"modal-dialog modal-dialog-centered\" role=\"document\">\n\t\t\t\t\t<div class=\"modal-content\">\n\t\t\t\t\t\t<button type=\"button\" class=\"ekit-team-modal-close\">\n\t\t\t\t\t\t\t<i aria-hidden=\"true\" class=\"fas fa-times\"><\/i>\t\t\t\t\t\t<\/button>\n\n\t\t\t\t\t\t<div class=\"modal-body\">\n\t\t\t\t\t\t\t\t\t\t\t\t\t\t\t<div class=\"ekit-team-modal-img\">\n\t\t\t\t\t\t\t\t\t<img loading=\"lazy\" decoding=\"async\" width=\"400\" height=\"400\" src=\"https:\/\/ferma-forum.eu\/wp-content\/uploads\/2026\/04\/Nathalie-Vandenbroucke-WEBSITE-PHOTO.png\" class=\"attachment-large size-large wp-image-3015\" alt=\"\" srcset=\"https:\/\/ferma-forum.eu\/wp-content\/uploads\/2026\/04\/Nathalie-Vandenbroucke-WEBSITE-PHOTO.png 400w, https:\/\/ferma-forum.eu\/wp-content\/uploads\/2026\/04\/Nathalie-Vandenbroucke-WEBSITE-PHOTO-300x300.png 300w, https:\/\/ferma-forum.eu\/wp-content\/uploads\/2026\/04\/Nathalie-Vandenbroucke-WEBSITE-PHOTO-150x150.png 150w, https:\/\/ferma-forum.eu\/wp-content\/uploads\/2026\/04\/Nathalie-Vandenbroucke-WEBSITE-PHOTO-12x12.png 12w\" sizes=\"(max-width: 400px) 100vw, 400px\" \/>\t\t\t\t\t\t\t\t<\/div>\n\t\t\t\t\t\t\t\n\t\t\t\t\t\t\t<div class=\"ekit-team-modal-info has-img\">\n\t\t\t\t\t\t\t\t<h2 class=\"ekit-team-modal-title\">Nathalie Vandenbroucke<\/h2>\n\t\t\t\t\t\t\t\t<p class=\"ekit-team-modal-position\">BELRIM \u2013 Belgium<\/p>\n\n\t\t\t\t\t\t\t\t<div class=\"ekit-team-modal-content\">\n\t\t\t\t\t\t\t\t\t<b>JOB TITLE:<\/b> <br>\nRisk &amp; Insurance Business Partner \n<br><br>\n<b>COMPANY:<\/b><br>\nInvesis\n<br><br>\n<b>BIO:<\/b><br>\nNathalie Vandenbroucke is an experienced risk, insurance, and compliance professional who has built her career in European construction and infrastructure organisations, where she led the risk and insurance functions. She currently serves as Insurance &amp; Risk Management Business Partner at Invesis, where she oversees the company\u2019s global insurance portfolio, investment related insurance programmes, and the development of enterprise and operational risk management frameworks across Europe, the United Kingdom, and Australia. Prior to joining Invesis, she restructured the risk management approach of the Eiffage Benelux group as Director of Risks and managed complex engineering and construction claims throughout her earlier roles at BAM Belgium and Gal\u00e8re, where she also served as a board member. She is also Vice President of BELRIM and serves as a lecturer at Free University of Brussels (ULB-VUB) for the ADEBVBA Executive Master in Management of Major Construction Projects.\t\t\t\t\t\t\t\t<\/div>\n\n\t\t\t\t\t\t\t\t\n\t\t\t\t\t\t\t\t\t\t\t\t\t\t\t<\/div>\n\t\t\t\t\t\t<\/div>\n\t\t\t\t\t<\/div>\n\t\t\t\t<\/div>\n\t\t\t<\/div>\n\t\t\t\t<\/div>\t\t\t\t<\/div>\n\t\t\t\t<\/div>\n\t\t\t\t\t<\/div>\n\t\t<\/div>\n\t\t\t\t<div class=\"elementor-column elementor-col-33 elementor-inner-column elementor-element elementor-element-d6d7941\" data-id=\"d6d7941\" data-element_type=\"column\" data-e-type=\"column\" data-settings=\"{&quot;background_background&quot;:&quot;classic&quot;}\">\n\t\t\t<div class=\"elementor-widget-wrap\">\n\t\t\t\t\t\t\t<\/div>\n\t\t<\/div>\n\t\t\t\t\t<\/div>\n\t\t<\/section>\n\t\t\t\t\t<\/div>\n\t\t<\/div>\n\t\t\t\t\t<\/div>\n\t\t<\/section>\n\t\t\t\t<\/div>\n\t\t\r\n<!-- WeMeet Web(R) - Gange - All rights reserved: 2010 - 2025, plug-in for WordPress by Lena Group, https:\/\/lenagroup.net -->\r\n<div id=\"idGangeCookiesDiv1\" class=\"gange_CookiesDiv1\"><div id=\"idGangeCookiesDiv2\" class=\"gange_CookiesDiv2\"><form id=\"idGangeCookiesForm\" name=\"GangeCookiesForm\" action=\"#\" method=\"post\"><span id=\"idGangeCookiesSpan1\" class=\"gange_CookiesSpan1\">We use cookies to ensure that we give you the best experience on our website.<\/span><span id=\"idGangeCookiesSpan2\" class=\"gange_CookiesSpan2\">We use cookies to improve analyze its performance. You can authorize or block the cookies by clicking the checkbox on the right side of each single cookie. <a href='https:\/\/lenagroup.net\/other\/cookies-policy\/' target='_blank'>See our cookies policy<\/a>.<br>Google Analytics, I accept:<input id=\"idGangeCookiesAnalytics\" name=\"idGangeCookiesAnalytics\" type=\"checkbox\" checked=\"checked\" value=\"1\"><\/span><span id=\"idGangeCookiesSpanSubmit\" class=\"gange_CookiesSpanSubmit\"><input id=\"idGangeCookiesTag\" name=\"idGangeCookiesTag\" type=\"hidden\" value=\"##COOKIESGANGE##\"><input id=\"idGangeCookiesSubmit\" name=\"idGangeCookiesSubmit\" type=\"submit\" class=\"gange_CookiesSubmit\" value=\"Update my Preferences\"><\/span><\/form><\/div><\/div>\r\n<!-- WeMeet Web(R) - Gange - All rights reserved: 2010 - 2025, plug-in for WordPress by Lena Group, https:\/\/lenagroup.net -->\r\n <script type=\"text\/javascript\"> if (typeof(f_tFlgVISA) === typeof(Function))  \tf_tFlgVISA(null);  if (typeof(f_tFlgAllergia) === typeof(Function))  \tf_tFlgAllergia(null);  if (typeof(f_IDTipologia) === typeof(Function)) {  \tvar eObjTYPE = document.getElementById(\"id_IDTipologia\");  \tf_IDTipologia(eObjTYPE);  }  if (typeof(f_IDAttivita) === typeof(Function)) {  \tvar etFlgActivity = document.getElementById(\"id_IDAttivita\");  \tf_IDAttivita(etFlgActivity);  }  if (typeof(f_IDNazionalita) === typeof(Function)) {  \tvar etFlgNazionalita = document.getElementById(\"id_IDNazionalita\");  \tf_IDNazionalita(etFlgNazionalita);  }  if (typeof(f_IndFattIDNazione) === typeof(Function))  \tf_IndFattIDNazione(null);  if (typeof(f_IDDomanda17308) === typeof(Function)) {  \tvar etFlgDomanda17308 = document.getElementById(\"id_IDDomanda17308\");  \tif (etFlgDomanda17308 != null) {  \t\tf_IDDomanda17308(etFlgDomanda17308);  \t}  }  if (typeof(f_IDDomanda17309) === typeof(Function)) {  \tvar etFlgDomanda17309 = document.getElementById(\"id_IDDomanda17309\");  \tif (etFlgDomanda17309 != null) {  \t\tf_IDDomanda17309(etFlgDomanda17309);  \t}  }  if (typeof(f_IDDomanda17310) === typeof(Function)) {  \tvar etFlgDomanda17310 = document.getElementById(\"id_IDDomanda17310\");  \tif (etFlgDomanda17310 != null) {  \t\tf_IDDomanda17310(etFlgDomanda17310);  \t}  }  if (typeof(f_IDDomanda17311) === typeof(Function)) {  \tvar etFlgDomanda17311 = document.getElementById(\"id_IDDomanda17311\");  \tif (etFlgDomanda17311 != null) {  \t\tf_IDDomanda17311(etFlgDomanda17311);  \t}  }  if (typeof(f_IDDomanda17312) === typeof(Function)) {  \tvar etFlgDomanda17312 = document.getElementById(\"id_IDDomanda17312\");  \tif (etFlgDomanda17312 != null) {  \t\tf_IDDomanda17312(etFlgDomanda17312);  \t}  }  if (typeof(f_IDDomanda17307) === typeof(Function)) {  \tvar etFlgDomanda17307 = document.getElementById(\"id_IDDomanda17307\");  \tif (etFlgDomanda17307 != null) {  \t\tf_IDDomanda17307(etFlgDomanda17307);  \t}  }  if (typeof(f_IDDomanda17417) === typeof(Function)) {  \tvar etFlgDomanda17417 = document.getElementById(\"id_IDDomanda17417\");  \tif (etFlgDomanda17417 != null) {  \t\tf_IDDomanda17417(etFlgDomanda17417);  \t}  }  if (typeof(f_IDDomanda17419) === typeof(Function)) {  \tvar etFlgDomanda17419 = document.getElementById(\"id_IDDomanda17419\");  \tif (etFlgDomanda17419 != null) {  \t\tf_IDDomanda17419(etFlgDomanda17419);  \t}  }  <\/script>","protected":false},"excerpt":{"rendered":"<p>Volkan Can ERMA \u2013 Turkey Risk, Internal Control and Compliance Group Manager &#8211; \u00c7imsa Building Solutions BV Volkan Can ERMA \u2013 Turkey JOB TITLE: Risk, Internal Control and Compliance Group Manager COMPANY: \u00c7imsa Building Solutions BV BIO: Volkan Can is a risk and governance leader at Sabanc\u0131 Group\u2019s \u00c7imsa Building Materials Group with nearly 20 [&hellip;]<\/p>\n","protected":false},"author":1,"featured_media":0,"parent":1074,"menu_order":0,"comment_status":"closed","ping_status":"closed","template":"elementor_header_footer","meta":{"footnotes":""},"class_list":["post-429","page","type-page","status-publish","hentry"],"_links":{"self":[{"href":"https:\/\/ferma-forum.eu\/index.php?rest_route=\/wp\/v2\/pages\/429","targetHints":{"allow":["GET"]}}],"collection":[{"href":"https:\/\/ferma-forum.eu\/index.php?rest_route=\/wp\/v2\/pages"}],"about":[{"href":"https:\/\/ferma-forum.eu\/index.php?rest_route=\/wp\/v2\/types\/page"}],"author":[{"embeddable":true,"href":"https:\/\/ferma-forum.eu\/index.php?rest_route=\/wp\/v2\/users\/1"}],"replies":[{"embeddable":true,"href":"https:\/\/ferma-forum.eu\/index.php?rest_route=%2Fwp%2Fv2%2Fcomments&post=429"}],"version-history":[{"count":76,"href":"https:\/\/ferma-forum.eu\/index.php?rest_route=\/wp\/v2\/pages\/429\/revisions"}],"predecessor-version":[{"id":3477,"href":"https:\/\/ferma-forum.eu\/index.php?rest_route=\/wp\/v2\/pages\/429\/revisions\/3477"}],"up":[{"embeddable":true,"href":"https:\/\/ferma-forum.eu\/index.php?rest_route=\/wp\/v2\/pages\/1074"}],"wp:attachment":[{"href":"https:\/\/ferma-forum.eu\/index.php?rest_route=%2Fwp%2Fv2%2Fmedia&parent=429"}],"curies":[{"name":"wp","href":"https:\/\/api.w.org\/{rel}","templated":true}]}}